{"id":1626,"date":"2018-11-28T17:45:26","date_gmt":"2018-11-28T22:45:26","guid":{"rendered":"http:\/\/www.prisma.org.pe\/investigacion\/?page_id=1626"},"modified":"2020-01-13T18:00:25","modified_gmt":"2020-01-13T23:00:25","slug":"abciencia-prisma","status":"publish","type":"page","link":"https:\/\/www.prisma.org.pe\/investigacion\/abciencia-prisma\/","title":{"rendered":"ABCiencia"},"content":{"rendered":"<div class=\"wpb-content-wrapper\"><p>[vc_row css=\u00bb.vc_custom_1543444960365{margin-top: 60px !important;}\u00bb][vc_column width=\u00bb2\/3&#8243; el_id=\u00bblistado-noticias\u00bb el_class=\u00bblistado\u00bb]\n\t<section class=\"cf block loop-list\" data-id=\"p-1\">\n\t\n\t\t\t\t\n\t\t<div class=\"block-content\">\n\t\t\n\t<div class=\"posts-dynamic posts-container ts-row list count-0 is-mixed\">\n\t\t\t\n\t\t\t\t\t\n\t\t\t\t\t\t\n\t\t\t\t\t\t\t\n\t\t\t\t\t\t\t\t\n\t\t\t\t<div class=\"posts-wrap\">\t\t\t\t\n\t\t\t\t\t\t\n\t\t\t\t\t\t\n\t\t\t\t\t\t\t\t\n\t\t\t\t\t<div class=\"col-12\">\n\t\t\t\t\t\t\n<article id=\"post-3891\" class=\"list-post list-post-b\">\n\t\n\t<div class=\"post-thumb\">\n\t\t<a href=\"https:\/\/www.prisma.org.pe\/investigacion\/abciencia\/que-es-la-difteria-y-como-podemos-prevenirla\/\" class=\"image-link\">\n\t\t\t<img loading=\"lazy\" decoding=\"async\" width=\"370\" height=\"305\" src=\"data:image\/svg+xml;base64,PHN2ZyB2aWV3Qm94PScwIDAgMzcwIDMwNScgeG1sbnM9J2h0dHA6Ly93d3cudzMub3JnLzIwMDAvc3ZnJz48L3N2Zz4=\" class=\"attachment-cheerup-list-b size-cheerup-list-b lazyload wp-post-image\" alt=\"\" title=\"\u00bfQu\u00e9 es la difteria y c\u00f3mo podemos prevenirla?\" data-src=\"https:\/\/www.prisma.org.pe\/investigacion\/wp-content\/uploads\/2020\/12\/PORTADA-NOTA-DIFTERIA-370x305.jpg\" \/>\t\t\t\t\n\t\t\t\n\t\t<\/a>\n\t\t\n\t\t\n\t<\/div>\n\n\t<div class=\"content\">\n\t\t\n\t\t<div class=\"post-meta post-meta-a post-meta-center\"><div class=\"meta-above\"><a href=\"https:\/\/www.prisma.org.pe\/investigacion\/abciencia\/que-es-la-difteria-y-como-podemos-prevenirla\/\" class=\"meta-item date-link\">\n\t\t\t\t\t\t<time class=\"post-date\" datetime=\"2020-12-01T12:25:33-05:00\">1 diciembre, 2020<\/time>\n\t\t\t\t\t<\/a> <span class=\"meta-sep\"><\/span> <span class=\"post-cat\">\n\t\t\t\t\t\t<span class=\"text-in\">In<\/span>\n\t\t\t\t\t\t\n\t\t\t\t\t<\/span>\n\t\t\t\t\t<\/div><h2 class=\"is-title post-title\"><a href=\"https:\/\/www.prisma.org.pe\/investigacion\/abciencia\/que-es-la-difteria-y-como-podemos-prevenirla\/\">\u00bfQu\u00e9 es la difteria y c\u00f3mo podemos prevenirla?<\/a><\/h2><\/div>\t\t\n\t\t\t\t<div class=\"post-content post-excerpt cf\">\n\t\t\t\t\t\n\t\t\t<p>En los \u00faltimos d\u00edas, se han identificado casos de\u00a0difteria\u00a0en algunas regiones del Per\u00fa; y es frente a esta enfermedad y otras m\u00e1s, donde resalta&hellip;<\/p>\n\t\t\t\t\n\t\t<\/div>\n\t\t\t\t\t\n\t\t\t\t<div class=\"post-footer\">\n\t\t\t\n\t\t\t<a href=\"https:\/\/www.prisma.org.pe\/investigacion\/abciencia\/que-es-la-difteria-y-como-podemos-prevenirla\/\" class=\"read-more-btn\">Leer m\u00e1s<\/a>\n\t\t\t\t\t\n\t\t<\/div>\n\t\t\t\t\n\t<\/div> <!-- .content -->\n\n\t\n\t\t\n<\/article>\t\t\t\t\t<\/div>\n\t\t\t\t\t\n\t\t\t\t\t\t\t\t\t\n\t\t\t\t\t\t\n\t\t\t\t\t\n\t\t\t\t\t\t\n\t\t\t\t\t\t\n\t\t\t\t\t\t\t\t\n\t\t\t\t\t<div class=\"col-12\">\n\t\t\t\t\t\t\n<article id=\"post-1561\" class=\"list-post list-post-b\">\n\t\n\t<div class=\"post-thumb\">\n\t\t<a href=\"https:\/\/www.prisma.org.pe\/investigacion\/abciencia\/el-sindrome-de-guillan-barre-en-el-peru\/\" class=\"image-link\">\n\t\t\t<img loading=\"lazy\" decoding=\"async\" width=\"370\" height=\"305\" src=\"data:image\/svg+xml;base64,PHN2ZyB2aWV3Qm94PScwIDAgMzcwIDMwNScgeG1sbnM9J2h0dHA6Ly93d3cudzMub3JnLzIwMDAvc3ZnJz48L3N2Zz4=\" class=\"attachment-cheerup-list-b size-cheerup-list-b lazyload wp-post-image\" alt=\"\" title=\"Todo lo que debes saber sobre el S\u00edndrome de Guillain Barr\u00e9\" data-src=\"https:\/\/www.prisma.org.pe\/investigacion\/wp-content\/uploads\/2018\/11\/abciencia-370x305.jpg\" \/>\t\t\t\t\n\t\t\t\n\t\t<\/a>\n\t\t\n\t\t\n\t<\/div>\n\n\t<div class=\"content\">\n\t\t\n\t\t<div class=\"post-meta post-meta-a post-meta-center\"><div class=\"meta-above\"><a href=\"https:\/\/www.prisma.org.pe\/investigacion\/abciencia\/el-sindrome-de-guillan-barre-en-el-peru\/\" class=\"meta-item date-link\">\n\t\t\t\t\t\t<time class=\"post-date\" datetime=\"2019-05-13T12:01:49-05:00\">13 mayo, 2019<\/time>\n\t\t\t\t\t<\/a> <span class=\"meta-sep\"><\/span> <span class=\"post-cat\">\n\t\t\t\t\t\t<span class=\"text-in\">In<\/span>\n\t\t\t\t\t\t\n\t\t\t\t\t<\/span>\n\t\t\t\t\t<\/div><h2 class=\"is-title post-title\"><a href=\"https:\/\/www.prisma.org.pe\/investigacion\/abciencia\/el-sindrome-de-guillan-barre-en-el-peru\/\">Todo lo que debes saber sobre el S\u00edndrome de Guillain Barr\u00e9<\/a><\/h2><\/div>\t\t\n\t\t\t\t<div class=\"post-content post-excerpt cf\">\n\t\t\t\t\t\n\t\t\t<p>El S\u00edndrome de Guillain Barr\u00e9 en el Per\u00fa por Aldo Vivar En lo que va del a\u00f1o, se han registrado\u00a032 casos del S\u00edndrome de&hellip;<\/p>\n\t\t\t\t\n\t\t<\/div>\n\t\t\t\t\t\n\t\t\t\t<div class=\"post-footer\">\n\t\t\t\n\t\t\t<a href=\"https:\/\/www.prisma.org.pe\/investigacion\/abciencia\/el-sindrome-de-guillan-barre-en-el-peru\/\" class=\"read-more-btn\">Leer m\u00e1s<\/a>\n\t\t\t\t\t\n\t\t<\/div>\n\t\t\t\t\n\t<\/div> <!-- .content -->\n\n\t\n\t\t\n<\/article>\t\t\t\t\t<\/div>\n\t\t\t\t\t\n\t\t\t\t\t\t\t\t\t\n\t\t\t\t\t\t\n\t\t\t\t\n\t\t<\/div>\n\t<\/div>\n\t\n\t\n\t\t\t<\/div>\n\t\n\t<\/section>\n\n[\/vc_column][vc_column width=\u00bb1\/3&#8243; el_id=\u00bbsidebar-contacto\u00bb][vc_widget_sidebar is_sidebar=\u00bb1&#8243; is_sticky=\u00bb\u00bb sidebar_id=\u00bbcheerup-primary\u00bb][\/vc_column][\/vc_row]<\/p>\n<\/div>","protected":false},"excerpt":{"rendered":"<p>[vc_row css=\u00bb.vc_custom_1543444960365{margin-top: 60px !important;}\u00bb][vc_column width=\u00bb2\/3&#8243; el_id=\u00bblistado-noticias\u00bb el_class=\u00bblistado\u00bb][\/vc_column][vc_column width=\u00bb1\/3&#8243; el_id=\u00bbsidebar-contacto\u00bb][vc_widget_sidebar is_sidebar=\u00bb1&#8243; is_sticky=\u00bb\u00bb sidebar_id=\u00bbcheerup-primary\u00bb][\/vc_column][\/vc_row]<\/p>\n","protected":false},"author":1,"featured_media":0,"parent":0,"menu_order":4,"comment_status":"closed","ping_status":"closed","template":"page-blocks.php","meta":{"footnotes":""},"class_list":["post-1626","page","type-page","status-publish"],"_links":{"self":[{"href":"https:\/\/www.prisma.org.pe\/investigacion\/wp-json\/wp\/v2\/pages\/1626","targetHints":{"allow":["GET"]}}],"collection":[{"href":"https:\/\/www.prisma.org.pe\/investigacion\/wp-json\/wp\/v2\/pages"}],"about":[{"href":"https:\/\/www.prisma.org.pe\/investigacion\/wp-json\/wp\/v2\/types\/page"}],"author":[{"embeddable":true,"href":"https:\/\/www.prisma.org.pe\/investigacion\/wp-json\/wp\/v2\/users\/1"}],"replies":[{"embeddable":true,"href":"https:\/\/www.prisma.org.pe\/investigacion\/wp-json\/wp\/v2\/comments?post=1626"}],"version-history":[{"count":5,"href":"https:\/\/www.prisma.org.pe\/investigacion\/wp-json\/wp\/v2\/pages\/1626\/revisions"}],"predecessor-version":[{"id":2924,"href":"https:\/\/www.prisma.org.pe\/investigacion\/wp-json\/wp\/v2\/pages\/1626\/revisions\/2924"}],"wp:attachment":[{"href":"https:\/\/www.prisma.org.pe\/investigacion\/wp-json\/wp\/v2\/media?parent=1626"}],"curies":[{"name":"wp","href":"https:\/\/api.w.org\/{rel}","templated":true}]}}