{"id":1536,"date":"2018-11-27T17:36:37","date_gmt":"2018-11-27T22:36:37","guid":{"rendered":"http:\/\/www.prisma.org.pe\/investigacion\/?page_id=1536"},"modified":"2021-09-18T17:43:50","modified_gmt":"2021-09-18T22:43:50","slug":"blog","status":"publish","type":"page","link":"https:\/\/www.prisma.org.pe\/investigacion\/blog\/","title":{"rendered":"Blog"},"content":{"rendered":"<div class=\"wpb-content-wrapper\"><p>[vc_row css=\u00bb.vc_custom_1543444960365{margin-top: 60px !important;}\u00bb][vc_column width=\u00bb2\/3&#8243; el_id=\u00bblistado-noticias\u00bb el_class=\u00bblistado\u00bb]\n\t<section class=\"cf block loop-list\" data-id=\"3556\">\n\t\n\t\t\t\t\n\t\t<div class=\"block-content\">\n\t\t\n\t<div class=\"posts-dynamic posts-container ts-row list count-0 is-mixed\">\n\t\t\t\n\t\t\t\t\t\n\t\t\t\t\t\t\n\t\t\t\t\t\t\t\n\t\t\t\t\t\t\t\t\n\t\t\t\t<div class=\"posts-wrap\">\t\t\t\t\n\t\t\t\t\t\t\n\t\t\t\t\t\t\n\t\t\t\t\t\t\t\t\n\t\t\t\t\t<div class=\"col-12\">\n\t\t\t\t\t\t\n<article id=\"post-3921\" class=\"list-post list-post-b\">\n\t\n\t<div class=\"post-thumb\">\n\t\t<a href=\"https:\/\/www.prisma.org.pe\/investigacion\/visita-el-stand-de-prisma-en-la-feria-virtual-peru-con-ciencia\/\" class=\"image-link\">\n\t\t\t<img loading=\"lazy\" decoding=\"async\" width=\"370\" height=\"305\" src=\"data:image\/svg+xml;base64,PHN2ZyB2aWV3Qm94PScwIDAgMzcwIDMwNScgeG1sbnM9J2h0dHA6Ly93d3cudzMub3JnLzIwMDAvc3ZnJz48L3N2Zz4=\" class=\"attachment-cheerup-list-b size-cheerup-list-b lazyload wp-post-image\" alt=\"\" title=\"Visita el stand de Prisma en la Feria Virtual \u00abPer\u00fa con Ciencia\u00bb\" data-src=\"https:\/\/www.prisma.org.pe\/investigacion\/wp-content\/uploads\/2020\/12\/Portada-de-nota-370x305.jpg\" \/>\t\t\t\t\n\t\t\t\n\t\t<\/a>\n\t\t\n\t\t\n\t<\/div>\n\n\t<div class=\"content\">\n\t\t\n\t\t<div class=\"post-meta post-meta-a post-meta-center\"><div class=\"meta-above\"><a href=\"https:\/\/www.prisma.org.pe\/investigacion\/visita-el-stand-de-prisma-en-la-feria-virtual-peru-con-ciencia\/\" class=\"meta-item date-link\">\n\t\t\t\t\t\t<time class=\"post-date\" datetime=\"2020-12-03T16:19:20-05:00\">3 diciembre, 2020<\/time>\n\t\t\t\t\t<\/a> <span class=\"meta-sep\"><\/span> <span class=\"post-cat\">\n\t\t\t\t\t\t<span class=\"text-in\">In<\/span>\n\t\t\t\t\t\t<a href=\"https:\/\/www.prisma.org.pe\/investigacion\/category\/actualidad\/\" class=\"category\" rel=\"category\">Actualidad<\/a>\n\t\t\t\t\t<\/span>\n\t\t\t\t\t<\/div><h2 class=\"is-title post-title\"><a href=\"https:\/\/www.prisma.org.pe\/investigacion\/visita-el-stand-de-prisma-en-la-feria-virtual-peru-con-ciencia\/\">Visita el stand de Prisma en la Feria Virtual \u00abPer\u00fa con Ciencia\u00bb<\/a><\/h2><\/div>\t\t\n\t\t\t\t<div class=\"post-content post-excerpt cf\">\n\t\t\t\t\t\n\t\t\t<p>Tres proyectos de Prisma ONG son presentados en la feria cient\u00edfica \u201cPer\u00fa con Ciencia\u201d, ejecutada por Concytec con el objetivo de difundir la ciencia&hellip;<\/p>\n\t\t\t\t\n\t\t<\/div>\n\t\t\t\t\t\n\t\t\t\t<div class=\"post-footer\">\n\t\t\t\n\t\t\t<a href=\"https:\/\/www.prisma.org.pe\/investigacion\/visita-el-stand-de-prisma-en-la-feria-virtual-peru-con-ciencia\/\" class=\"read-more-btn\">Leer m\u00e1s<\/a>\n\t\t\t\t\t\n\t\t<\/div>\n\t\t\t\t\n\t<\/div> <!-- .content -->\n\n\t\n\t\t\n<\/article>\t\t\t\t\t<\/div>\n\t\t\t\t\t\n\t\t\t\t\t\t\t\t\t\n\t\t\t\t\t\t\n\t\t\t\t\t\n\t\t\t\t\t\t\n\t\t\t\t\t\t\n\t\t\t\t\t\t\t\t\n\t\t\t\t\t<div class=\"col-12\">\n\t\t\t\t\t\t\n<article id=\"post-3895\" class=\"list-post list-post-b\">\n\t\n\t<div class=\"post-thumb\">\n\t\t<a href=\"https:\/\/www.prisma.org.pe\/investigacion\/cientificos-peruanos-investigan-si-suplementos-dieteticos-previenen-covid-19\/\" class=\"image-link\">\n\t\t\t<img loading=\"lazy\" decoding=\"async\" width=\"370\" height=\"305\" src=\"data:image\/svg+xml;base64,PHN2ZyB2aWV3Qm94PScwIDAgMzcwIDMwNScgeG1sbnM9J2h0dHA6Ly93d3cudzMub3JnLzIwMDAvc3ZnJz48L3N2Zz4=\" class=\"attachment-cheerup-list-b size-cheerup-list-b lazyload wp-post-image\" alt=\"\" title=\"Cient\u00edficos peruanos investigan si suplementos diet\u00e9ticos previenen covid-19\" data-src=\"https:\/\/www.prisma.org.pe\/investigacion\/wp-content\/uploads\/2020\/12\/FOTO-NOTA-COVID-VITAMINAS-370x305.jpg\" \/>\t\t\t\t\n\t\t\t\n\t\t<\/a>\n\t\t\n\t\t\n\t<\/div>\n\n\t<div class=\"content\">\n\t\t\n\t\t<div class=\"post-meta post-meta-a post-meta-center\"><div class=\"meta-above\"><a href=\"https:\/\/www.prisma.org.pe\/investigacion\/cientificos-peruanos-investigan-si-suplementos-dieteticos-previenen-covid-19\/\" class=\"meta-item date-link\">\n\t\t\t\t\t\t<time class=\"post-date\" datetime=\"2020-12-01T12:42:19-05:00\">1 diciembre, 2020<\/time>\n\t\t\t\t\t<\/a> <span class=\"meta-sep\"><\/span> <span class=\"post-cat\">\n\t\t\t\t\t\t<span class=\"text-in\">In<\/span>\n\t\t\t\t\t\t<a href=\"https:\/\/www.prisma.org.pe\/investigacion\/category\/actualidad\/\" class=\"category\" rel=\"category\">Actualidad<\/a>\n\t\t\t\t\t<\/span>\n\t\t\t\t\t<\/div><h2 class=\"is-title post-title\"><a href=\"https:\/\/www.prisma.org.pe\/investigacion\/cientificos-peruanos-investigan-si-suplementos-dieteticos-previenen-covid-19\/\">Cient\u00edficos peruanos investigan si suplementos diet\u00e9ticos previenen covid-19<\/a><\/h2><\/div>\t\t\n\t\t\t\t<div class=\"post-content post-excerpt cf\">\n\t\t\t\t\t\n\t\t\t<p>Poblaciones vulnerables del Callao y Ventanilla formar\u00e1n parte de la investigaci\u00f3n. Fuente: Agencia Andina Las vitaminas y minerales pueden aumentar o modular el sistema&hellip;<\/p>\n\t\t\t\t\n\t\t<\/div>\n\t\t\t\t\t\n\t\t\t\t<div class=\"post-footer\">\n\t\t\t\n\t\t\t<a href=\"https:\/\/www.prisma.org.pe\/investigacion\/cientificos-peruanos-investigan-si-suplementos-dieteticos-previenen-covid-19\/\" class=\"read-more-btn\">Leer m\u00e1s<\/a>\n\t\t\t\t\t\n\t\t<\/div>\n\t\t\t\t\n\t<\/div> <!-- .content -->\n\n\t\n\t\t\n<\/article>\t\t\t\t\t<\/div>\n\t\t\t\t\t\n\t\t\t\t\t\t\t\t\t\n\t\t\t\t\t\t\n\t\t\t\t\t\n\t\t\t\t\t\t\n\t\t\t\t\t\t\n\t\t\t\t\t\t\t\t\n\t\t\t\t\t<div class=\"col-12\">\n\t\t\t\t\t\t\n<article id=\"post-3881\" class=\"list-post list-post-b\">\n\t\n\t<div class=\"post-thumb\">\n\t\t<a href=\"https:\/\/www.prisma.org.pe\/investigacion\/nina-laurie-recibe-distincion-cientifica-de-la-royal-geographical-society\/\" class=\"image-link\">\n\t\t\t<img loading=\"lazy\" decoding=\"async\" width=\"370\" height=\"305\" src=\"data:image\/svg+xml;base64,PHN2ZyB2aWV3Qm94PScwIDAgMzcwIDMwNScgeG1sbnM9J2h0dHA6Ly93d3cudzMub3JnLzIwMDAvc3ZnJz48L3N2Zz4=\" class=\"attachment-cheerup-list-b size-cheerup-list-b lazyload wp-post-image\" alt=\"\" title=\"NINA LAURIE RECIBE DISTINCI\u00d3N CIENT\u00cdFICA DE LA ROYAL GEOGRAPHICAL SOCIETY\" data-src=\"https:\/\/www.prisma.org.pe\/investigacion\/wp-content\/uploads\/2020\/05\/PORTADO_01-370x305.jpg\" \/>\t\t\t\t\n\t\t\t\n\t\t<\/a>\n\t\t\n\t\t\n\t<\/div>\n\n\t<div class=\"content\">\n\t\t\n\t\t<div class=\"post-meta post-meta-a post-meta-center\"><div class=\"meta-above\"><a href=\"https:\/\/www.prisma.org.pe\/investigacion\/nina-laurie-recibe-distincion-cientifica-de-la-royal-geographical-society\/\" class=\"meta-item date-link\">\n\t\t\t\t\t\t<time class=\"post-date\" datetime=\"2020-05-21T10:55:12-05:00\">21 mayo, 2020<\/time>\n\t\t\t\t\t<\/a> <span class=\"meta-sep\"><\/span> <span class=\"post-cat\">\n\t\t\t\t\t\t<span class=\"text-in\">In<\/span>\n\t\t\t\t\t\t<a href=\"https:\/\/www.prisma.org.pe\/investigacion\/category\/actualidad\/\" class=\"category\" rel=\"category\">Actualidad<\/a>\n\t\t\t\t\t<\/span>\n\t\t\t\t\t<\/div><h2 class=\"is-title post-title\"><a href=\"https:\/\/www.prisma.org.pe\/investigacion\/nina-laurie-recibe-distincion-cientifica-de-la-royal-geographical-society\/\">NINA LAURIE RECIBE DISTINCI\u00d3N CIENT\u00cdFICA DE LA ROYAL GEOGRAPHICAL SOCIETY<\/a><\/h2><\/div>\t\t\n\t\t\t\t<div class=\"post-content post-excerpt cf\">\n\t\t\t\t\t\n\t\t\t<p>Se reconoce su ardua labor de casi 30 a\u00f1os de investigaci\u00f3n en el campo de la geograf\u00eda en Latinoam\u00e9rica. Cient\u00edfica \u00a0es la investigadora principal&hellip;<\/p>\n\t\t\t\t\n\t\t<\/div>\n\t\t\t\t\t\n\t\t\t\t<div class=\"post-footer\">\n\t\t\t\n\t\t\t<a href=\"https:\/\/www.prisma.org.pe\/investigacion\/nina-laurie-recibe-distincion-cientifica-de-la-royal-geographical-society\/\" class=\"read-more-btn\">Leer m\u00e1s<\/a>\n\t\t\t\t\t\n\t\t<\/div>\n\t\t\t\t\n\t<\/div> <!-- .content -->\n\n\t\n\t\t\n<\/article>\t\t\t\t\t<\/div>\n\t\t\t\t\t\n\t\t\t\t\t\t\t\t\t\n\t\t\t\t\t\t\n\t\t\t\t\t\n\t\t\t\t\t\t\n\t\t\t\t\t\t\n\t\t\t\t\t\t\t\t\n\t\t\t\t\t<div class=\"col-12\">\n\t\t\t\t\t\t\n<article id=\"post-3849\" class=\"list-post list-post-b\">\n\t\n\t<div class=\"post-thumb\">\n\t\t<a href=\"https:\/\/www.prisma.org.pe\/investigacion\/aldo-vivar-de-prisma-integra-comite-nacional-de-etica-que-evaluara-ensayos-clinicos-del-covid-19\/\" class=\"image-link\">\n\t\t\t<img loading=\"lazy\" decoding=\"async\" width=\"370\" height=\"305\" src=\"data:image\/svg+xml;base64,PHN2ZyB2aWV3Qm94PScwIDAgMzcwIDMwNScgeG1sbnM9J2h0dHA6Ly93d3cudzMub3JnLzIwMDAvc3ZnJz48L3N2Zz4=\" class=\"attachment-cheerup-list-b size-cheerup-list-b lazyload wp-post-image\" alt=\"\" title=\"Aldo Vivar de Prisma integra Comit\u00e9 Nacional de \u00c9tica frente al COVID-19\" data-src=\"https:\/\/www.prisma.org.pe\/investigacion\/wp-content\/uploads\/2020\/05\/NOTA-DE-PORTADA-ALDO-VIVAR_Mesa-de-trabajo-1-1-370x305.jpg\" \/>\t\t\t\t\n\t\t\t\n\t\t<\/a>\n\t\t\n\t\t\n\t<\/div>\n\n\t<div class=\"content\">\n\t\t\n\t\t<div class=\"post-meta post-meta-a post-meta-center\"><div class=\"meta-above\"><a href=\"https:\/\/www.prisma.org.pe\/investigacion\/aldo-vivar-de-prisma-integra-comite-nacional-de-etica-que-evaluara-ensayos-clinicos-del-covid-19\/\" class=\"meta-item date-link\">\n\t\t\t\t\t\t<time class=\"post-date\" datetime=\"2020-05-13T12:21:08-05:00\">13 mayo, 2020<\/time>\n\t\t\t\t\t<\/a> <span class=\"meta-sep\"><\/span> <span class=\"post-cat\">\n\t\t\t\t\t\t<span class=\"text-in\">In<\/span>\n\t\t\t\t\t\t<a href=\"https:\/\/www.prisma.org.pe\/investigacion\/category\/actualidad\/\" class=\"category\" rel=\"category\">Actualidad<\/a>\n\t\t\t\t\t<\/span>\n\t\t\t\t\t<\/div><h2 class=\"is-title post-title\"><a href=\"https:\/\/www.prisma.org.pe\/investigacion\/aldo-vivar-de-prisma-integra-comite-nacional-de-etica-que-evaluara-ensayos-clinicos-del-covid-19\/\">Aldo Vivar de Prisma integra Comit\u00e9 Nacional de \u00c9tica frente al COVID-19<\/a><\/h2><\/div>\t\t\n\t\t\t\t<div class=\"post-content post-excerpt cf\">\n\t\t\t\t\t\n\t\t\t<p>[vc_row][vc_column][vc_column_text] El Comit\u00e9 Nacional de \u00c9tica &#8211; CNE garantizar\u00e1 la protecci\u00f3n de derechos de los pacientes que ingresen a estudios de investigaci\u00f3n sobre el&hellip;<\/p>\n\t\t\t\t\n\t\t<\/div>\n\t\t\t\t\t\n\t\t\t\t<div class=\"post-footer\">\n\t\t\t\n\t\t\t<a href=\"https:\/\/www.prisma.org.pe\/investigacion\/aldo-vivar-de-prisma-integra-comite-nacional-de-etica-que-evaluara-ensayos-clinicos-del-covid-19\/\" class=\"read-more-btn\">Leer m\u00e1s<\/a>\n\t\t\t\t\t\n\t\t<\/div>\n\t\t\t\t\n\t<\/div> <!-- .content -->\n\n\t\n\t\t\n<\/article>\t\t\t\t\t<\/div>\n\t\t\t\t\t\n\t\t\t\t\t\t\t\t\t\n\t\t\t\t\t\t\n\t\t\t\t\n\t\t<\/div>\n\t<\/div>\n\t\n\t\n\t\n\n\t\n\t\t\n\t<div class=\"main-pagination load-more\">\n\t\t<a href=\"https:\/\/www.prisma.org.pe\/investigacion\/wp-json\/wp\/v2\/pages\/1536\/page\/2\/\" class=\"load-button\" data-page=\"1\">\n\t\t\tLoad More <i class=\"tsi tsi-repeat\"><\/i>\n\t\t<\/a>\n\t<\/div>\t\n\t\n\t\n\n\t\t<\/div>\n\t\n\t<\/section>\n\n[\/vc_column][vc_column width=\u00bb1\/3&#8243; el_id=\u00bbsidebar-contacto\u00bb][vc_widget_sidebar is_sidebar=\u00bb1&#8243; is_sticky=\u00bb\u00bb sidebar_id=\u00bbcheerup-primary\u00bb][\/vc_column][\/vc_row]<\/p>\n<\/div>","protected":false},"excerpt":{"rendered":"<p>[vc_row css=\u00bb.vc_custom_1543444960365{margin-top: 60px !important;}\u00bb][vc_column width=\u00bb2\/3&#8243; el_id=\u00bblistado-noticias\u00bb el_class=\u00bblistado\u00bb][\/vc_column][vc_column width=\u00bb1\/3&#8243; el_id=\u00bbsidebar-contacto\u00bb][vc_widget_sidebar is_sidebar=\u00bb1&#8243; is_sticky=\u00bb\u00bb sidebar_id=\u00bbcheerup-primary\u00bb][\/vc_column][\/vc_row]<\/p>\n","protected":false},"author":1,"featured_media":0,"parent":0,"menu_order":4,"comment_status":"closed","ping_status":"closed","template":"page-blocks.php","meta":{"footnotes":""},"class_list":["post-1536","page","type-page","status-publish"],"_links":{"self":[{"href":"https:\/\/www.prisma.org.pe\/investigacion\/wp-json\/wp\/v2\/pages\/1536","targetHints":{"allow":["GET"]}}],"collection":[{"href":"https:\/\/www.prisma.org.pe\/investigacion\/wp-json\/wp\/v2\/pages"}],"about":[{"href":"https:\/\/www.prisma.org.pe\/investigacion\/wp-json\/wp\/v2\/types\/page"}],"author":[{"embeddable":true,"href":"https:\/\/www.prisma.org.pe\/investigacion\/wp-json\/wp\/v2\/users\/1"}],"replies":[{"embeddable":true,"href":"https:\/\/www.prisma.org.pe\/investigacion\/wp-json\/wp\/v2\/comments?post=1536"}],"version-history":[{"count":7,"href":"https:\/\/www.prisma.org.pe\/investigacion\/wp-json\/wp\/v2\/pages\/1536\/revisions"}],"predecessor-version":[{"id":4123,"href":"https:\/\/www.prisma.org.pe\/investigacion\/wp-json\/wp\/v2\/pages\/1536\/revisions\/4123"}],"wp:attachment":[{"href":"https:\/\/www.prisma.org.pe\/investigacion\/wp-json\/wp\/v2\/media?parent=1536"}],"curies":[{"name":"wp","href":"https:\/\/api.w.org\/{rel}","templated":true}]}}